{"id":456,"date":"2017-03-19T14:22:09","date_gmt":"2017-03-19T12:22:09","guid":{"rendered":"http:\/\/www.hohes-elbufer.de\/?page_id=456"},"modified":"2026-08-24T12:10:32","modified_gmt":"2026-08-24T10:10:32","slug":"uferweg","status":"publish","type":"page","link":"https:\/\/www.hohes-elbufer.de\/uferweg\/","title":{"rendered":"Wandern am Elbufer"},"content":{"rendered":"\n<div style=\"height:30px\" aria-hidden=\"true\" class=\"wp-block-spacer\"><\/div>\n\n\n\n<figure class=\"wp-block-image alignwide size-full\"><a href=\"https:\/\/www.hohes-elbufer.de\/wp-content\/uploads\/2026\/05\/Kopfzeile.png\"><img loading=\"lazy\" decoding=\"async\" width=\"744\" height=\"32\" src=\"https:\/\/www.hohes-elbufer.de\/wp-content\/uploads\/2026\/05\/Kopfzeile.png\" alt=\"\" class=\"wp-image-1660\" srcset=\"https:\/\/www.hohes-elbufer.de\/wp-content\/uploads\/2026\/05\/Kopfzeile.png 744w, https:\/\/www.hohes-elbufer.de\/wp-content\/uploads\/2026\/05\/Kopfzeile-300x13.png 300w\" sizes=\"auto, (max-width: 744px) 100vw, 744px\" \/><\/a><\/figure>\n\n\n\n<div style=\"height:30px\" aria-hidden=\"true\" class=\"wp-block-spacer\"><\/div>\n\n\n\n<figure class=\"wp-block-image alignleft is-resized\"><a href=\"https:\/\/www.hohes-elbufer.de\/wp-content\/uploads\/2013\/03\/Lbg-Tesperh.gif\" target=\"_blank\" rel=\" noreferrer noopener\"><img loading=\"lazy\" decoding=\"async\" width=\"300\" height=\"137\" src=\"https:\/\/www.hohes-elbufer.de\/wp-content\/uploads\/2013\/03\/Lbg-Tesperh-300x137.gif\" alt=\"\" class=\"wp-image-292\" style=\"width:429px;height:auto\" srcset=\"https:\/\/www.hohes-elbufer.de\/wp-content\/uploads\/2013\/03\/Lbg-Tesperh-300x137.gif 300w, https:\/\/www.hohes-elbufer.de\/wp-content\/uploads\/2013\/03\/Lbg-Tesperh-768x351.gif 768w, https:\/\/www.hohes-elbufer.de\/wp-content\/uploads\/2013\/03\/Lbg-Tesperh-1024x468.gif 1024w\" sizes=\"auto, (max-width: 300px) 100vw, 300px\" \/><\/a><\/figure>\n\n\n\n<p class=\"has-medium-font-size wp-block-paragraph\">Um einen ersten Eindruck dieser besonderen Landschaft zu bekommen&nbsp;sei&nbsp;eine Wanderung auf dem naturbelassenen Weg in unmittelbarer N\u00e4he zum Elbufer von Lauenburg&nbsp;Richtung Gr\u00fcnhof-Tesperhude empfohlen.<\/p>\n\n\n\n<p class=\"has-medium-font-size wp-block-paragraph\">Man startet &#8222;Am Kuhgrund&#8220; (1) gegen\u00fcber dem &#8222;<a href=\"https:\/\/www.facebook.com\/p\/Bootshaus-Caf%C3%A9-und-Restaurant-100057203629982\/\" target=\"_blank\" rel=\"noreferrer noopener\"><mark style=\"background-color:rgba(0, 0, 0, 0)\" class=\"has-inline-color has-vivid-cyan-blue-color\">Bootshaus Caf\u00e9 und Restaurant<\/mark><\/a>&#8220; elbabw\u00e4rts.<\/p>\n\n\n\n<figure class=\"wp-block-image alignright size-large is-resized\"><a href=\"https:\/\/www.hohes-elbufer.de\/wp-content\/uploads\/2026\/05\/Elbuferweg.png\" target=\"_blank\" rel=\" noreferrer noopener\"><img loading=\"lazy\" decoding=\"async\" width=\"1024\" height=\"500\" src=\"https:\/\/www.hohes-elbufer.de\/wp-content\/uploads\/2026\/05\/Elbuferweg-1024x500.png\" alt=\"\" class=\"wp-image-1626\" style=\"aspect-ratio:2.0479681558349556;width:520px;height:auto\" srcset=\"https:\/\/www.hohes-elbufer.de\/wp-content\/uploads\/2026\/05\/Elbuferweg-1024x500.png 1024w, https:\/\/www.hohes-elbufer.de\/wp-content\/uploads\/2026\/05\/Elbuferweg-300x147.png 300w, https:\/\/www.hohes-elbufer.de\/wp-content\/uploads\/2026\/05\/Elbuferweg-768x375.png 768w, https:\/\/www.hohes-elbufer.de\/wp-content\/uploads\/2026\/05\/Elbuferweg.png 1068w\" sizes=\"auto, (max-width: 1024px) 100vw, 1024px\" \/><\/a><\/figure>\n\n\n\n<p class=\"has-medium-font-size wp-block-paragraph\">Nach gut einer viertel Stunde macht der Wald einer Lichtung Platz. Sie muss \u00fcberquert und an der gegen\u00fcberliegenden Seite der Weg bergauf gew\u00e4hlt werden. Er folgt &#8211; in etwa 20 m H\u00f6he &#8211; weiter dem Strom, zweigt dann ab, umgeht die Ertheneburg und f\u00fchrt an der Gastst\u00e4tte &#8222;<span style=\"color: #0000ff;\"><a href=\"http:\/\/alter-sandkrug.de\" target=\"_blank\" rel=\"noreferrer noopener\"><mark style=\"background-color:rgba(0, 0, 0, 0)\" class=\"has-inline-color has-vivid-cyan-blue-color\">Alter&nbsp;Sandkrug<\/mark><\/a><\/span>&#8220; (2) vorbei zur\u00fcck zum Strom. Von dort geht es weiter &#8211; immer am Ufer entlang &#8211; bis zum &#8222;<a href=\"https:\/\/campen-ohne-deich.de\/\" target=\"_blank\" rel=\"noreferrer noopener\"><mark style=\"background-color:rgba(0, 0, 0, 0)\" class=\"has-inline-color has-vivid-cyan-blue-color\">Campingplatz Hohes Elbufer<\/mark><\/a>&#8222;, um schlie\u00dflich in Gr\u00fcnhof-Tesperhude (3) anzukommen.<\/p>\n\n\n\n<p class=\"has-medium-font-size wp-block-paragraph\">Der Grund f\u00fcr diesen Umweg liegt in der Vergangenheit: Fr\u00fcher gab es hier eine Kalksandsteinfabrik, die den f\u00fcr die Herstellung von Kalksandsteinen ben\u00f6tigten Sand aus dem Elbhang grub. Aus Naturschutzgr\u00fcnden wurde die Abbaugenehmigung zur\u00fcckgezogen und von dem ehemaligen Fabrikgel\u00e4nde ist nur das Verwaltungsgeb\u00e4ude \u00fcbrig geblieben. Es dient heute als Wohnhaus. In unmittelbarer N\u00e4he dazu findet sich noch eine st\u00e4hlerne Spundwand, die Zeugnis gibt von einem Anleger, f\u00fcr Lastk\u00e4hne, die ehemals dender Steine f\u00fcr die Fabrikation ebenfalls ben\u00f6tigten Kalk anlieferten.<\/p>\n\n\n\n<p class=\"has-medium-font-size wp-block-paragraph\">Hier einige Impressionen von dort und dem weiteren Weg:<\/p>\n\n\n\n<figure class=\"wp-block-image aligncenter is-resized\"><img loading=\"lazy\" decoding=\"async\" width=\"1024\" height=\"768\" src=\"https:\/\/www.hohes-elbufer.de\/wp-content\/uploads\/2013\/03\/PICT0117-1024x768.jpg\" alt=\"\" class=\"wp-image-314\" style=\"width:367px;height:auto\" srcset=\"https:\/\/www.hohes-elbufer.de\/wp-content\/uploads\/2013\/03\/PICT0117-1024x768.jpg 1024w, https:\/\/www.hohes-elbufer.de\/wp-content\/uploads\/2013\/03\/PICT0117-300x225.jpg 300w, https:\/\/www.hohes-elbufer.de\/wp-content\/uploads\/2013\/03\/PICT0117-768x576.jpg 768w, https:\/\/www.hohes-elbufer.de\/wp-content\/uploads\/2013\/03\/PICT0117.jpg 1280w\" sizes=\"auto, (max-width: 1024px) 100vw, 1024px\" \/><figcaption class=\"wp-element-caption\">Blick \u00fcber die Elbe auf Artlenburg in Niedersachsen<\/figcaption><\/figure>\n\n\n\n<figure class=\"wp-block-image aligncenter is-resized\"><a href=\"https:\/\/www.hohes-elbufer.de\/wp-content\/uploads\/2013\/03\/Sandkrug.jpg\" target=\"_blank\" rel=\" noreferrer noopener\"><img loading=\"lazy\" decoding=\"async\" width=\"300\" height=\"225\" src=\"https:\/\/www.hohes-elbufer.de\/wp-content\/uploads\/2013\/03\/Sandkrug-300x225.jpg\" alt=\"\" class=\"wp-image-313\" style=\"width:363px;height:auto\" srcset=\"https:\/\/www.hohes-elbufer.de\/wp-content\/uploads\/2013\/03\/Sandkrug-300x225.jpg 300w, https:\/\/www.hohes-elbufer.de\/wp-content\/uploads\/2013\/03\/Sandkrug-768x576.jpg 768w, https:\/\/www.hohes-elbufer.de\/wp-content\/uploads\/2013\/03\/Sandkrug-1024x768.jpg 1024w, https:\/\/www.hohes-elbufer.de\/wp-content\/uploads\/2013\/03\/Sandkrug.jpg 1280w\" sizes=\"auto, (max-width: 300px) 100vw, 300px\" \/><\/a><figcaption class=\"wp-element-caption\">Gastst\u00e4tte &#8222;Alter Sandkrug&#8220; am Fu\u00df des Steilufers<\/figcaption><\/figure>\n\n\n\n<figure class=\"wp-block-image aligncenter is-resized\"><a href=\"https:\/\/www.hohes-elbufer.de\/wp-content\/uploads\/2013\/03\/Altwasser.jpg\" target=\"_blank\" rel=\" noreferrer noopener\"><img loading=\"lazy\" decoding=\"async\" width=\"300\" height=\"225\" src=\"https:\/\/www.hohes-elbufer.de\/wp-content\/uploads\/2013\/03\/Altwasser-300x225.jpg\" alt=\"\" class=\"wp-image-316\" style=\"width:364px;height:auto\" srcset=\"https:\/\/www.hohes-elbufer.de\/wp-content\/uploads\/2013\/03\/Altwasser-300x225.jpg 300w, https:\/\/www.hohes-elbufer.de\/wp-content\/uploads\/2013\/03\/Altwasser-768x576.jpg 768w, https:\/\/www.hohes-elbufer.de\/wp-content\/uploads\/2013\/03\/Altwasser-1024x768.jpg 1024w, https:\/\/www.hohes-elbufer.de\/wp-content\/uploads\/2013\/03\/Altwasser.jpg 1280w\" sizes=\"auto, (max-width: 300px) 100vw, 300px\" \/><\/a><figcaption class=\"wp-element-caption\">Altwasser am Weg<\/figcaption><\/figure>\n\n\n\n<figure class=\"wp-block-image aligncenter is-resized\"><a href=\"https:\/\/www.hohes-elbufer.de\/wp-content\/uploads\/2013\/03\/PICT0118.jpg\" target=\"_blank\" rel=\" noreferrer noopener\"><img loading=\"lazy\" decoding=\"async\" width=\"300\" height=\"225\" src=\"https:\/\/www.hohes-elbufer.de\/wp-content\/uploads\/2013\/03\/PICT0118-300x225.jpg\" alt=\"\" class=\"wp-image-318\" style=\"width:361px;height:auto\" srcset=\"https:\/\/www.hohes-elbufer.de\/wp-content\/uploads\/2013\/03\/PICT0118-300x225.jpg 300w, https:\/\/www.hohes-elbufer.de\/wp-content\/uploads\/2013\/03\/PICT0118-768x576.jpg 768w, https:\/\/www.hohes-elbufer.de\/wp-content\/uploads\/2013\/03\/PICT0118-1024x768.jpg 1024w, https:\/\/www.hohes-elbufer.de\/wp-content\/uploads\/2013\/03\/PICT0118.jpg 1280w\" sizes=\"auto, (max-width: 300px) 100vw, 300px\" \/><\/a><figcaption class=\"wp-element-caption\">Blick\u00a0auf den Strom flussabw\u00e4rts<\/figcaption><\/figure>\n\n\n\n<div style=\"height:30px\" aria-hidden=\"true\" class=\"wp-block-spacer\"><\/div>\n\n\n\n<p class=\"has-medium-font-size wp-block-paragraph\">Die Wanderung dauert ungef\u00e4hr zwei Stunden und ist zu jeder Jahreszeit ein Erlebnis. Mit den regelm\u00e4\u00dfig verkehrenden Bussen kommt man leicht zur\u00fcck. M\u00f6gliche Wartezeiten lassen sich durch einen Besuch im<mark style=\"background-color:rgba(0, 0, 0, 0)\" class=\"has-inline-color has-vivid-cyan-blue-color\"><strong>&nbsp;<\/strong><\/mark><span style=\"color: #0000ff;\"><a href=\"http:\/\/www.cafe-koch.com\/\" target=\"_blank\" rel=\"noreferrer noopener\"><mark style=\"background-color:rgba(0, 0, 0, 0)\" class=\"has-inline-color has-vivid-cyan-blue-color\">Caf\u00e9 Koch<\/mark><\/a><\/span> <mark style=\"background-color:rgba(0, 0, 0, 0)\" class=\"has-inline-color has-vivid-cyan-blue-color\"><\/mark>oder im <a href=\"https:\/\/www.elbkantinchen.de\/\" target=\"_blank\" rel=\"noreferrer noopener\"><mark style=\"background-color:rgba(0, 0, 0, 0)\" class=\"has-inline-color has-vivid-cyan-blue-color\">Elbkantinchen<\/mark><\/a><strong><a href=\"https:\/\/www.elbkantinchen.de\/\" target=\"_blank\" rel=\"noreferrer noopener\"><mark style=\"background-color:rgba(0, 0, 0, 0)\" class=\"has-inline-color has-vivid-cyan-blue-color\"> <\/mark><\/a><\/strong>verk\u00fcrzen.<\/p>\n\n\n\n<div style=\"height:30px\" aria-hidden=\"true\" class=\"wp-block-spacer\"><\/div>\n\n\n\n<p class=\"has-text-align-center has-medium-font-size wp-block-paragraph\"><a href=\"https:\/\/www.hohes-elbufer.de\/?page_id=456\"><mark style=\"background-color:rgba(0, 0, 0, 0)\" class=\"has-inline-color has-vivid-cyan-blue-color\">Nach oben<\/mark><\/a><\/p>\n","protected":false},"excerpt":{"rendered":"<p>Um einen ersten Eindruck dieser besonderen Landschaft zu bekommen&nbsp;sei&nbsp;eine Wanderung auf dem naturbelassenen Weg in unmittelbarer N\u00e4he zum Elbufer von [&hellip;]<\/p>\n","protected":false},"author":1,"featured_media":0,"parent":0,"menu_order":0,"comment_status":"closed","ping_status":"closed","template":"","meta":{"site-sidebar-layout":"default","site-content-layout":"","ast-site-content-layout":"default","site-content-style":"default","site-sidebar-style":"default","ast-global-header-display":"","ast-banner-title-visibility":"","ast-main-header-display":"","ast-hfb-above-header-display":"","ast-hfb-below-header-display":"","ast-hfb-mobile-header-display":"","site-post-title":"disabled","ast-breadcrumbs-content":"","ast-featured-img":"","footer-sml-layout":"","ast-disable-related-posts":"","theme-transparent-header-meta":"","adv-header-id-meta":"","stick-header-meta":"","header-above-stick-meta":"","header-main-stick-meta":"","header-below-stick-meta":"","astra-migrate-meta-layouts":"default","ast-page-background-enabled":"default","ast-page-background-meta":{"desktop":{"background-color":"var(--ast-global-color-5)","background-image":"","background-repeat":"repeat","background-position":"center center","background-size":"auto","background-attachment":"scroll","background-type":"","background-media":"","overlay-type":"","overlay-color":"","overlay-opacity":"","overlay-gradient":""},"tablet":{"background-color":"","background-image":"","background-repeat":"repeat","background-position":"center center","background-size":"auto","background-attachment":"scroll","background-type":"","background-media":"","overlay-type":"","overlay-color":"","overlay-opacity":"","overlay-gradient":""},"mobile":{"background-color":"","background-image":"","background-repeat":"repeat","background-position":"center center","background-size":"auto","background-attachment":"scroll","background-type":"","background-media":"","overlay-type":"","overlay-color":"","overlay-opacity":"","overlay-gradient":""}},"ast-content-background-meta":{"desktop":{"background-color":"var(--ast-global-color-4)","background-image":"","background-repeat":"repeat","background-position":"center center","background-size":"auto","background-attachment":"scroll","background-type":"","background-media":"","overlay-type":"","overlay-color":"","overlay-opacity":"","overlay-gradient":""},"tablet":{"background-color":"var(--ast-global-color-4)","background-image":"","background-repeat":"repeat","background-position":"center center","background-size":"auto","background-attachment":"scroll","background-type":"","background-media":"","overlay-type":"","overlay-color":"","overlay-opacity":"","overlay-gradient":""},"mobile":{"background-color":"var(--ast-global-color-4)","background-image":"","background-repeat":"repeat","background-position":"center center","background-size":"auto","background-attachment":"scroll","background-type":"","background-media":"","overlay-type":"","overlay-color":"","overlay-opacity":"","overlay-gradient":""}},"footnotes":""},"class_list":["post-456","page","type-page","status-publish","hentry"],"_links":{"self":[{"href":"https:\/\/www.hohes-elbufer.de\/wp-json\/wp\/v2\/pages\/456","targetHints":{"allow":["GET"]}}],"collection":[{"href":"https:\/\/www.hohes-elbufer.de\/wp-json\/wp\/v2\/pages"}],"about":[{"href":"https:\/\/www.hohes-elbufer.de\/wp-json\/wp\/v2\/types\/page"}],"author":[{"embeddable":true,"href":"https:\/\/www.hohes-elbufer.de\/wp-json\/wp\/v2\/users\/1"}],"replies":[{"embeddable":true,"href":"https:\/\/www.hohes-elbufer.de\/wp-json\/wp\/v2\/comments?post=456"}],"version-history":[{"count":50,"href":"https:\/\/www.hohes-elbufer.de\/wp-json\/wp\/v2\/pages\/456\/revisions"}],"predecessor-version":[{"id":1799,"href":"https:\/\/www.hohes-elbufer.de\/wp-json\/wp\/v2\/pages\/456\/revisions\/1799"}],"wp:attachment":[{"href":"https:\/\/www.hohes-elbufer.de\/wp-json\/wp\/v2\/media?parent=456"}],"curies":[{"name":"wp","href":"https:\/\/api.w.org\/{rel}","templated":true}]}}